{"id":1150,"date":"2022-08-31T19:57:22","date_gmt":"2022-08-31T19:57:22","guid":{"rendered":"https:\/\/articles.alpha.canada.ca\/cds-intranet-employee-guide\/?page_id=1150"},"modified":"2026-02-10T16:46:37","modified_gmt":"2026-02-10T16:46:37","slug":"jours-feries-fermeture-bureaux","status":"publish","type":"page","link":"https:\/\/articles.alpha.canada.ca\/cds-intranet-employee-guide\/fr\/pay-leave-and-benefits\/conge-des-employes\/jours-feries-fermeture-bureaux\/","title":{"rendered":"Jours f\u00e9ri\u00e9s et fermeture des bureaux\ufffc"},"content":{"rendered":"\n<p>Vous trouverez ci-dessous les jours d\u00e9sign\u00e9s comme des jours f\u00e9ri\u00e9s pay\u00e9s reconnus par le SNC et le gouvernement du Canada. Veuillez noter que pour les jours f\u00e9ri\u00e9s qui tombent un jour de fin de semaine, le jour f\u00e9ri\u00e9 de remplacement est indiqu\u00e9 ci-dessous.&nbsp;<\/p>\n\n\n\n<figure class=\"wp-block-table\"><table><tbody><tr><td><strong>Jour f\u00e9ri\u00e9<\/strong><\/td><td><strong>2025<\/strong><\/td><td><strong>2026<\/strong><\/td><\/tr><tr><td><strong>Jour de l\u2019An<\/strong><\/td><td>Le mercredi 1er janvier<\/td><td>Le jeudi 1er janvier<\/td><\/tr><tr><td><strong>Vendredi saint<\/strong><\/td><td>Le vendredi 18 avril<\/td><td>Le vendredi 3 avril<\/td><\/tr><tr><td><strong>Lundi de P\u00e2ques<\/strong><\/td><td>Le lundi 21 avril<\/td><td>Le lundi 6 avril<\/td><\/tr><tr><td><strong>F\u00eate de la Reine ou Journ\u00e9e nationale des patriotes<\/strong><\/td><td>Le lundi 19 mai<\/td><td>Le lundi 18 mai<\/td><\/tr><tr><td>*<strong>Saint-Jean-Baptiste<\/strong><\/td><td>Le mardi 24 juin<\/td><td>Le mercredi 24 juin<\/td><\/tr><tr><td><strong>F\u00eate du Canada<\/strong><\/td><td>Le mardi 1er juillet<\/td><td>Le mercredi 1er juillet<\/td><\/tr><tr><td><strong>Cong\u00e9 civique<\/strong><\/td><td>Le lundi 4 ao\u00fbt<\/td><td>Le lundi 3 ao\u00fbt<\/td><\/tr><tr><td><strong>F\u00eate du travail<\/strong><\/td><td>Le lundi 1er septembre<\/td><td>Le lundi 7 septembre<\/td><\/tr><tr><td><strong>Journ\u00e9e nationale de la v\u00e9rit\u00e9 et de la r\u00e9conciliation<\/strong><\/td><td>Le mardi 30 septembre<\/td><td>Le mercredi 30 septembre<\/td><\/tr><tr><td><strong>Action de gr\u00e2ce<\/strong><\/td><td>Le lundi 13 octobre<\/td><td>Le lundi 12 octobre<\/td><\/tr><tr><td><strong>Jour du Souvenir<\/strong><\/td><td>Le mardi 11 novembre<\/td><td>Le mercredi 11 novembre<\/td><\/tr><tr><td><strong>Jour de No\u00ebl<\/strong><\/td><td>Le jeudi 25 d\u00e9cembre<\/td><td>Le vendredi 25 d\u00e9cembre<\/td><\/tr><tr><td><strong>Lendemain de No\u00ebl<\/strong><\/td><td>Le vendredi 26 d\u00e9cembre<\/td><td>Le samedi 26 d\u00e9cembre (observ\u00e9 le lundi 28 d\u00e9cembre)<\/td><\/tr><\/tbody><\/table><\/figure>\n\n\n\n<p>*<strong>Saint-Jean-Baptiste<\/strong> <strong>:<\/strong> Le SNC offre aux employ\u00e9s et employ\u00e9es r\u00e9sidant au Qu\u00e9bec la possibilit\u00e9 de prendre cette journ\u00e9e de cong\u00e9 au lieu du cong\u00e9 civique d&rsquo;ao\u00fbt. Veuillez en informer votre gestionnaire si vous souhaitez prendre cette journ\u00e9e.<\/p>\n","protected":false},"excerpt":{"rendered":"<p>Vous trouverez ci-dessous les jours d\u00e9sign\u00e9s comme des jours f\u00e9ri\u00e9s pay\u00e9s reconnus par le SNC et le gouvernement du Canada. Veuillez noter que pour les jours f\u00e9ri\u00e9s qui tombent un jour de fin de semaine, le jour f\u00e9ri\u00e9 de remplacement est indiqu\u00e9 ci-dessous.&nbsp; Jour f\u00e9ri\u00e9 2025 2026 Jour de l\u2019An Le mercredi 1er janvier Le\u2026 <a class=\"read-more\" href=\"https:\/\/articles.alpha.canada.ca\/cds-intranet-employee-guide\/fr\/pay-leave-and-benefits\/conge-des-employes\/jours-feries-fermeture-bureaux\/\">Read more<span class=\"wb-sl\"> of Jours f\u00e9ri\u00e9s et fermeture des bureaux\ufffc<\/span><\/a><\/p>\n","protected":false},"author":108,"featured_media":0,"parent":593,"menu_order":0,"comment_status":"closed","ping_status":"closed","template":"","meta":{"footnotes":""},"class_list":["post-1150","page","type-page","status-publish","hentry"],"slug_en":"stat-holidays-office-closures","slug_fr":"jours-feries-fermeture-bureaux","id_en":1147,"id_fr":1150,"lang":"fr","_links":{"self":[{"href":"https:\/\/articles.alpha.canada.ca\/cds-intranet-employee-guide\/fr\/wp-json\/wp\/v2\/pages\/1150","targetHints":{"allow":["GET"]}}],"collection":[{"href":"https:\/\/articles.alpha.canada.ca\/cds-intranet-employee-guide\/fr\/wp-json\/wp\/v2\/pages"}],"about":[{"href":"https:\/\/articles.alpha.canada.ca\/cds-intranet-employee-guide\/fr\/wp-json\/wp\/v2\/types\/page"}],"author":[{"embeddable":true,"href":"https:\/\/articles.alpha.canada.ca\/cds-intranet-employee-guide\/fr\/wp-json\/wp\/v2\/users\/108"}],"replies":[{"embeddable":true,"href":"https:\/\/articles.alpha.canada.ca\/cds-intranet-employee-guide\/fr\/wp-json\/wp\/v2\/comments?post=1150"}],"version-history":[{"count":13,"href":"https:\/\/articles.alpha.canada.ca\/cds-intranet-employee-guide\/fr\/wp-json\/wp\/v2\/pages\/1150\/revisions"}],"predecessor-version":[{"id":2320,"href":"https:\/\/articles.alpha.canada.ca\/cds-intranet-employee-guide\/fr\/wp-json\/wp\/v2\/pages\/1150\/revisions\/2320"}],"up":[{"embeddable":true,"href":"https:\/\/articles.alpha.canada.ca\/cds-intranet-employee-guide\/fr\/wp-json\/wp\/v2\/pages\/593"}],"wp:attachment":[{"href":"https:\/\/articles.alpha.canada.ca\/cds-intranet-employee-guide\/fr\/wp-json\/wp\/v2\/media?parent=1150"}],"curies":[{"name":"wp","href":"https:\/\/api.w.org\/{rel}","templated":true}]}}